{"id":29,"date":"2024-07-11T11:36:43","date_gmt":"2024-07-11T11:36:43","guid":{"rendered":"https:\/\/www.lllf.uam.es\/wordpress\/?page_id=29"},"modified":"2025-09-17T10:58:22","modified_gmt":"2025-09-17T10:58:22","slug":"actualidad","status":"publish","type":"page","link":"https:\/\/www.lllf.uam.es\/wordpress\/actualidad\/","title":{"rendered":"Actualidad"},"content":{"rendered":"\t\t<div data-elementor-type=\"wp-page\" data-elementor-id=\"29\" class=\"elementor elementor-29\">\n\t\t\t\t<div class=\"elementor-element elementor-element-73d81c5 e-flex e-con-boxed e-con e-parent\" data-id=\"73d81c5\" data-element_type=\"container\" data-settings=\"{&quot;background_background&quot;:&quot;classic&quot;}\">\n\t\t\t\t\t<div class=\"e-con-inner\">\n\t\t\t\t<div class=\"elementor-element elementor-element-21918d6 elementor-widget elementor-widget-heading\" data-id=\"21918d6\" data-element_type=\"widget\" data-widget_type=\"heading.default\">\n\t\t\t\t<div class=\"elementor-widget-container\">\n\t\t\t\t\t<h2 class=\"elementor-heading-title elementor-size-default\">ACTUALIDAD<\/h2>\t\t\t\t<\/div>\n\t\t\t\t<\/div>\n\t\t\t\t<div class=\"elementor-element elementor-element-7cfc9d7 elementor-widget elementor-widget-image\" data-id=\"7cfc9d7\" data-element_type=\"widget\" data-widget_type=\"image.default\">\n\t\t\t\t<div class=\"elementor-widget-container\">\n\t\t\t\t\t\t\t\t\t\t\t\t\t\t\t<img decoding=\"async\" width=\"127\" height=\"9\" src=\"https:\/\/www.lllf.uam.es\/wordpress\/wp-content\/uploads\/linea-3-1.svg\" class=\"attachment-large size-large wp-image-236\" alt=\"\" \/>\t\t\t\t\t\t\t\t\t\t\t\t\t\t\t<\/div>\n\t\t\t\t<\/div>\n\t\t\t\t\t<\/div>\n\t\t\t\t<\/div>\n\t\t<div class=\"elementor-element elementor-element-5d20e2a e-flex e-con-boxed e-con e-parent\" data-id=\"5d20e2a\" data-element_type=\"container\" data-settings=\"{&quot;background_background&quot;:&quot;classic&quot;}\">\n\t\t\t\t\t<div class=\"e-con-inner\">\n\t\t<div class=\"elementor-element elementor-element-584997f e-con-full e-flex e-con e-child\" data-id=\"584997f\" data-element_type=\"container\" data-settings=\"{&quot;background_background&quot;:&quot;classic&quot;}\">\n\t\t\t\t<div class=\"elementor-element elementor-element-ce187d9 elementor-widget elementor-widget-video\" data-id=\"ce187d9\" data-element_type=\"widget\" data-settings=\"{&quot;youtube_url&quot;:&quot;https:\\\/\\\/www.youtube.com\\\/watch?v=-uJ08uz76DI&quot;,&quot;start&quot;:0,&quot;end&quot;:37,&quot;autoplay&quot;:&quot;yes&quot;,&quot;mute&quot;:&quot;yes&quot;,&quot;loop&quot;:&quot;yes&quot;,&quot;video_type&quot;:&quot;youtube&quot;,&quot;controls&quot;:&quot;yes&quot;}\" data-widget_type=\"video.default\">\n\t\t\t\t<div class=\"elementor-widget-container\">\n\t\t\t\t\t\t\t<div class=\"elementor-wrapper elementor-open-inline\">\n\t\t\t<div class=\"elementor-video\"><\/div>\t\t<\/div>\n\t\t\t\t\t\t<\/div>\n\t\t\t\t<\/div>\n\t\t\t\t<\/div>\n\t\t<div class=\"elementor-element elementor-element-60f071e e-con-full e-flex e-con e-child\" data-id=\"60f071e\" data-element_type=\"container\" data-settings=\"{&quot;background_background&quot;:&quot;classic&quot;}\">\n\t\t\t\t<div class=\"elementor-element elementor-element-b3c9ca3 elementor-widget elementor-widget-text-editor\" data-id=\"b3c9ca3\" data-element_type=\"widget\" data-widget_type=\"text-editor.default\">\n\t\t\t\t<div class=\"elementor-widget-container\">\n\t\t\t\t\t\t\t\t\t<h5 style=\"text-align: center;\"><span style=\"color: #ffffff;\"><a style=\"color: #ffffff;\" href=\"https:\/\/www.casaasia.es\/actividad\/xiii-reunion-de-estudios-asiaticos-2025-inteligencia-artificial-y-el-desarrollo-de-los-estudios-asiaticos\/?wcs_timestamp=1758276900\"><span style=\"text-decoration: underline;\"><strong>XIII REUNI\u00d3N DE ESTUDIOS ASI\u00c1TICOS 2025<\/strong><\/span><\/a><\/span><\/h5><p>El viernes 19 de septiembre a las 12:00h, el catedr\u00e1tico de Ling\u00fc\u00edstica e investigador principal del LLI, Antonio Moreno-Sandoval, participar\u00e1 en la XIII Reuni\u00f3n de Estudios Asi\u00e1ticos 2025: \u201cInteligencia artificial y el desarrollo de los estudios asi\u00e1ticos\u201d, coordinada por Casa Asia, como parte de la mesa redonda: \u201cLa inteligencia artificial en el desarrollo de los estudios de Asia en Espa\u00f1a\u201d.<\/p><p>Su contribuci\u00f3n se titula \u201cLa aplicaci\u00f3n de grandes modelos de lenguaje (LLM) multiling\u00fces chinos en tareas de espa\u00f1ol\u201d.<\/p><p><span style=\"text-decoration: underline;\"><span style=\"color: #ffffff;\"><a style=\"color: #ffffff; text-decoration: underline;\" href=\"https:\/\/www.casaasia.es\/actividad\/xiii-reunion-de-estudios-asiaticos-2025-inteligencia-artificial-y-el-desarrollo-de-los-estudios-asiaticos\/?wcs_timestamp=1758276900\">M\u00e1s informaci\u00f3n e inscripci\u00f3n (gratuita)<\/a><\/span><\/span><\/p>\t\t\t\t\t\t\t\t<\/div>\n\t\t\t\t<\/div>\n\t\t\t\t<\/div>\n\t\t\t\t\t<\/div>\n\t\t\t\t<\/div>\n\t\t<div class=\"elementor-element elementor-element-c89a82f e-flex e-con-boxed e-con e-parent\" data-id=\"c89a82f\" data-element_type=\"container\" data-settings=\"{&quot;background_background&quot;:&quot;classic&quot;}\">\n\t\t\t\t\t<div class=\"e-con-inner\">\n\t\t<div class=\"elementor-element elementor-element-87ba56a e-con-full e-flex e-con e-child\" data-id=\"87ba56a\" data-element_type=\"container\" data-settings=\"{&quot;background_background&quot;:&quot;classic&quot;}\">\n\t\t\t\t<div class=\"elementor-element elementor-element-408d352 elementor-widget elementor-widget-image\" data-id=\"408d352\" data-element_type=\"widget\" data-widget_type=\"image.default\">\n\t\t\t\t<div class=\"elementor-widget-container\">\n\t\t\t\t\t\t\t\t\t\t\t\t\t\t\t\t<a href=\"https:\/\/vinnlp.com\/nlp_bridges.html\">\n\t\t\t\t\t\t\t<img fetchpriority=\"high\" decoding=\"async\" width=\"1280\" height=\"720\" src=\"https:\/\/www.lllf.uam.es\/wordpress\/wp-content\/uploads\/nlp-bridges.png\" class=\"attachment-1536x1536 size-1536x1536 wp-image-1100\" alt=\"\" srcset=\"https:\/\/www.lllf.uam.es\/wordpress\/wp-content\/uploads\/nlp-bridges.png 1280w, https:\/\/www.lllf.uam.es\/wordpress\/wp-content\/uploads\/nlp-bridges-300x169.png 300w, https:\/\/www.lllf.uam.es\/wordpress\/wp-content\/uploads\/nlp-bridges-1024x576.png 1024w, https:\/\/www.lllf.uam.es\/wordpress\/wp-content\/uploads\/nlp-bridges-768x432.png 768w\" sizes=\"(max-width: 1280px) 100vw, 1280px\" \/>\t\t\t\t\t\t\t\t<\/a>\n\t\t\t\t\t\t\t\t\t\t\t\t\t\t\t<\/div>\n\t\t\t\t<\/div>\n\t\t\t\t<\/div>\n\t\t<div class=\"elementor-element elementor-element-696d148 e-con-full e-flex e-con e-child\" data-id=\"696d148\" data-element_type=\"container\" data-settings=\"{&quot;background_background&quot;:&quot;classic&quot;}\">\n\t\t\t\t<div class=\"elementor-element elementor-element-d84b52d elementor-widget elementor-widget-text-editor\" data-id=\"d84b52d\" data-element_type=\"widget\" data-widget_type=\"text-editor.default\">\n\t\t\t\t<div class=\"elementor-widget-container\">\n\t\t\t\t\t\t\t\t\t<p><span style=\"text-decoration: underline; color: #ffffff;\"><a style=\"color: #ffffff; text-decoration: underline;\" href=\"https:\/\/vinnlp.com\/nlp_bridges.html\"><strong>NLP BRIDGES TALK SERIES: Financial Narrative Processing in Spanish: the experience of the LLI-UAM team<\/strong><\/a><\/span><\/p><p><span style=\"color: #ffffff;\"><img decoding=\"async\" class=\"alignnone size-full wp-image-239\" src=\"https:\/\/www.lllf.uam.es\/wordpress\/wp-content\/uploads\/linea-21-1.svg\" alt=\"\" width=\"60\" height=\"9\" \/><\/span><\/p><p class=\"subtitulo enlace\"><span style=\"color: #ffffff;\">FECHA: 19\/06\/2025<\/span><br \/><span style=\"color: #ffffff;\">HORARIO: 11h<\/span><br \/><span style=\"color: #ffffff;\">LUGAR: ONLINE (TEAMS, INSCRIPCI\u00d3N PREVIA)<\/span><\/p>\t\t\t\t\t\t\t\t<\/div>\n\t\t\t\t<\/div>\n\t\t\t\t<\/div>\n\t\t\t\t\t<\/div>\n\t\t\t\t<\/div>\n\t\t<div class=\"elementor-element elementor-element-f006ead e-flex e-con-boxed e-con e-parent\" data-id=\"f006ead\" data-element_type=\"container\" data-settings=\"{&quot;background_background&quot;:&quot;classic&quot;}\">\n\t\t\t\t\t<div class=\"e-con-inner\">\n\t\t<div class=\"elementor-element elementor-element-e90f61a e-con-full e-flex e-con e-child\" data-id=\"e90f61a\" data-element_type=\"container\" data-settings=\"{&quot;background_background&quot;:&quot;classic&quot;}\">\n\t\t\t\t<div class=\"elementor-element elementor-element-a546b77 elementor-widget elementor-widget-image\" data-id=\"a546b77\" data-element_type=\"widget\" data-widget_type=\"image.default\">\n\t\t\t\t<div class=\"elementor-widget-container\">\n\t\t\t\t\t\t\t\t\t\t\t\t\t\t\t\t<a href=\"http:\/\/www.sepln.org\/actualidad\/eventos\/c-sepln-procesamiento-de-narrativa-financiera-y-deteccion-de-relaciones-de-causa\">\n\t\t\t\t\t\t\t<img loading=\"lazy\" decoding=\"async\" width=\"1536\" height=\"620\" src=\"https:\/\/www.lllf.uam.es\/wordpress\/wp-content\/uploads\/SEPLN-1536x620.png\" class=\"attachment-1536x1536 size-1536x1536 wp-image-1056\" alt=\"\" srcset=\"https:\/\/www.lllf.uam.es\/wordpress\/wp-content\/uploads\/SEPLN-1536x620.png 1536w, https:\/\/www.lllf.uam.es\/wordpress\/wp-content\/uploads\/SEPLN-300x121.png 300w, https:\/\/www.lllf.uam.es\/wordpress\/wp-content\/uploads\/SEPLN-1024x414.png 1024w, https:\/\/www.lllf.uam.es\/wordpress\/wp-content\/uploads\/SEPLN-768x310.png 768w, https:\/\/www.lllf.uam.es\/wordpress\/wp-content\/uploads\/SEPLN-2048x827.png 2048w\" sizes=\"(max-width: 1536px) 100vw, 1536px\" \/>\t\t\t\t\t\t\t\t<\/a>\n\t\t\t\t\t\t\t\t\t\t\t\t\t\t\t<\/div>\n\t\t\t\t<\/div>\n\t\t\t\t<\/div>\n\t\t<div class=\"elementor-element elementor-element-c2c71f1 e-con-full e-flex e-con e-child\" data-id=\"c2c71f1\" data-element_type=\"container\" data-settings=\"{&quot;background_background&quot;:&quot;classic&quot;}\">\n\t\t\t\t<div class=\"elementor-element elementor-element-5f60027 elementor-widget elementor-widget-text-editor\" data-id=\"5f60027\" data-element_type=\"widget\" data-widget_type=\"text-editor.default\">\n\t\t\t\t<div class=\"elementor-widget-container\">\n\t\t\t\t\t\t\t\t\t<p><span style=\"text-decoration: underline; color: #ffffff;\"><a style=\"color: #ffffff; text-decoration: underline;\" href=\"http:\/\/www.sepln.org\/actualidad\/eventos\/c-sepln-procesamiento-de-narrativa-financiera-y-deteccion-de-relaciones-de-causa\"><strong><span>C-SEPLN: PROCESAMIENTO DE NARRATIVA FINANCIERA Y DETECCI\u00d3N DE RELACIONES DE CAUSA-EFECTO<\/span><\/strong><\/a><\/span><\/p><p><span style=\"color: #ffffff;\"><img decoding=\"async\" class=\"alignnone size-full wp-image-239\" src=\"https:\/\/www.lllf.uam.es\/wordpress\/wp-content\/uploads\/linea-21-1.svg\" alt=\"\" width=\"60\" height=\"9\" \/><\/span><\/p><p class=\"subtitulo enlace\"><span style=\"color: #ffffff;\">FECHA: 27\/02\/2024 AL 05\/07\/2024<\/span><br \/><span style=\"color: #ffffff;\">HORARIO: 17h<\/span><br \/><span style=\"color: #ffffff;\">LUGAR: ONLINE (ZOOM, INSCRIPCI\u00d3N PREVIA)<\/span><\/p>\t\t\t\t\t\t\t\t<\/div>\n\t\t\t\t<\/div>\n\t\t\t\t<\/div>\n\t\t\t\t\t<\/div>\n\t\t\t\t<\/div>\n\t\t<div class=\"elementor-element elementor-element-b65b9a5 e-flex e-con-boxed e-con e-parent\" data-id=\"b65b9a5\" data-element_type=\"container\" data-settings=\"{&quot;background_background&quot;:&quot;classic&quot;}\">\n\t\t\t\t\t<div class=\"e-con-inner\">\n\t\t<div class=\"elementor-element elementor-element-62b3929 e-con-full e-flex e-con e-child\" data-id=\"62b3929\" data-element_type=\"container\" data-settings=\"{&quot;background_background&quot;:&quot;classic&quot;}\">\n\t\t\t\t<div class=\"elementor-element elementor-element-58bbab1 elementor-widget elementor-widget-image\" data-id=\"58bbab1\" data-element_type=\"widget\" data-widget_type=\"image.default\">\n\t\t\t\t<div class=\"elementor-widget-container\">\n\t\t\t\t\t\t\t\t\t\t\t\t\t\t\t\t<a href=\"https:\/\/www.lllf.uam.es\/wordpress\/fincausal-25\/\">\n\t\t\t\t\t\t\t<img loading=\"lazy\" decoding=\"async\" width=\"1024\" height=\"448\" src=\"https:\/\/www.lllf.uam.es\/wordpress\/wp-content\/uploads\/FinCausal-azul-1024x448.png\" class=\"attachment-large size-large wp-image-290\" alt=\"\" srcset=\"https:\/\/www.lllf.uam.es\/wordpress\/wp-content\/uploads\/FinCausal-azul-1024x448.png 1024w, https:\/\/www.lllf.uam.es\/wordpress\/wp-content\/uploads\/FinCausal-azul-300x131.png 300w, https:\/\/www.lllf.uam.es\/wordpress\/wp-content\/uploads\/FinCausal-azul-768x336.png 768w, https:\/\/www.lllf.uam.es\/wordpress\/wp-content\/uploads\/FinCausal-azul-1536x672.png 1536w, https:\/\/www.lllf.uam.es\/wordpress\/wp-content\/uploads\/FinCausal-azul-2048x896.png 2048w\" sizes=\"(max-width: 1024px) 100vw, 1024px\" \/>\t\t\t\t\t\t\t\t<\/a>\n\t\t\t\t\t\t\t\t\t\t\t\t\t\t\t<\/div>\n\t\t\t\t<\/div>\n\t\t\t\t<\/div>\n\t\t<div class=\"elementor-element elementor-element-9bcd094 e-con-full e-flex e-con e-child\" data-id=\"9bcd094\" data-element_type=\"container\" data-settings=\"{&quot;background_background&quot;:&quot;classic&quot;}\">\n\t\t\t\t<div class=\"elementor-element elementor-element-55a5f72 elementor-widget elementor-widget-text-editor\" data-id=\"55a5f72\" data-element_type=\"widget\" data-widget_type=\"text-editor.default\">\n\t\t\t\t<div class=\"elementor-widget-container\">\n\t\t\t\t\t\t\t\t\t<p class=\"curso-intensivo-1 grandenegrita\"><strong><span style=\"color: #ffffff;\"><u>FINCAUSAL: The 6th Financial Narrative Processing Workshop (FNP25)<\/u><\/span><\/strong><\/p><p><span style=\"color: #ffffff;\"><img decoding=\"async\" class=\"alignnone size-full wp-image-239\" src=\"https:\/\/www.lllf.uam.es\/wordpress\/wp-content\/uploads\/linea-21-1.svg\" alt=\"\" width=\"60\" height=\"9\" \/><\/span><\/p><p class=\"subtitulo enlace\">\u00a0<\/p>\t\t\t\t\t\t\t\t<\/div>\n\t\t\t\t<\/div>\n\t\t\t\t<\/div>\n\t\t\t\t\t<\/div>\n\t\t\t\t<\/div>\n\t\t<div class=\"elementor-element elementor-element-8474cbc e-flex e-con-boxed e-con e-parent\" data-id=\"8474cbc\" data-element_type=\"container\" data-settings=\"{&quot;background_background&quot;:&quot;classic&quot;}\">\n\t\t\t\t\t<div class=\"e-con-inner\">\n\t\t<div class=\"elementor-element elementor-element-06f3ea7 e-con-full e-flex e-con e-child\" data-id=\"06f3ea7\" data-element_type=\"container\" data-settings=\"{&quot;background_background&quot;:&quot;classic&quot;}\">\n\t\t\t\t<div class=\"elementor-element elementor-element-50b1a66 elementor-widget elementor-widget-video\" data-id=\"50b1a66\" data-element_type=\"widget\" data-settings=\"{&quot;youtube_url&quot;:&quot;https:\\\/\\\/www.youtube.com\\\/watch?v=n7L9-VGfEXg&amp;t=8s&quot;,&quot;start&quot;:1681,&quot;end&quot;:1900,&quot;video_type&quot;:&quot;youtube&quot;,&quot;controls&quot;:&quot;yes&quot;}\" data-widget_type=\"video.default\">\n\t\t\t\t<div class=\"elementor-widget-container\">\n\t\t\t\t\t\t\t<div class=\"elementor-wrapper elementor-open-inline\">\n\t\t\t<div class=\"elementor-video\"><\/div>\t\t<\/div>\n\t\t\t\t\t\t<\/div>\n\t\t\t\t<\/div>\n\t\t\t\t<\/div>\n\t\t<div class=\"elementor-element elementor-element-acf8a38 e-con-full e-flex e-con e-child\" data-id=\"acf8a38\" data-element_type=\"container\" data-settings=\"{&quot;background_background&quot;:&quot;classic&quot;}\">\n\t\t\t\t<div class=\"elementor-element elementor-element-3e3f4ff elementor-widget elementor-widget-text-editor\" data-id=\"3e3f4ff\" data-element_type=\"widget\" data-widget_type=\"text-editor.default\">\n\t\t\t\t<div class=\"elementor-widget-container\">\n\t\t\t\t\t\t\t\t\t<p class=\"curso-intensivo-1 grandenegrita\"><a href=\"https:\/\/cvc.cervantes.es\/Lengua\/anuario\/anuario_24\/default.htm\"><strong><span style=\"color: #ffffff;\"><u>EL ESPA\u00d1OL EN EL MUNDO 2024. ANUARIO DEL INSTITUTO CERVANTES<\/u><\/span><\/strong><\/a><\/p><p><span style=\"color: #ffffff;\"><img decoding=\"async\" class=\"alignnone size-full wp-image-239\" src=\"https:\/\/www.lllf.uam.es\/wordpress\/wp-content\/uploads\/linea-21-1.svg\" alt=\"\" width=\"60\" height=\"9\" \/><\/span><\/p><p class=\"subtitulo enlace\"><span style=\"color: #ffffff;\">FECHAS: 02\/07\/2024 AL 05\/07\/2024<\/span><br \/><span style=\"color: #ffffff;\">HORARIO: 9:30h-14h.<\/span><\/p>\t\t\t\t\t\t\t\t<\/div>\n\t\t\t\t<\/div>\n\t\t\t\t<\/div>\n\t\t\t\t\t<\/div>\n\t\t\t\t<\/div>\n\t\t<div class=\"elementor-element elementor-element-687793c e-flex e-con-boxed e-con e-parent\" data-id=\"687793c\" data-element_type=\"container\" data-settings=\"{&quot;background_background&quot;:&quot;classic&quot;}\">\n\t\t\t\t\t<div class=\"e-con-inner\">\n\t\t<div class=\"elementor-element elementor-element-aea7aaf e-con-full e-flex e-con e-child\" data-id=\"aea7aaf\" data-element_type=\"container\" data-settings=\"{&quot;background_background&quot;:&quot;classic&quot;}\">\n\t\t\t\t<div class=\"elementor-element elementor-element-a641ea9 elementor-widget elementor-widget-image\" data-id=\"a641ea9\" data-element_type=\"widget\" data-widget_type=\"image.default\">\n\t\t\t\t<div class=\"elementor-widget-container\">\n\t\t\t\t\t\t\t\t\t\t\t\t\t\t\t\t<a href=\"https:\/\/cie.usal.es\/jornadas-el-acceso-a-la-informacion-del-texto-escrito-hacia-un-objetivo-de-lecturabilidad-accesible\/\" rel=\"nofollow\">\n\t\t\t\t\t\t\t<img loading=\"lazy\" decoding=\"async\" width=\"659\" height=\"464\" src=\"https:\/\/www.lllf.uam.es\/wordpress\/wp-content\/uploads\/jornadas-salamanca.jpeg\" class=\"attachment-full size-full wp-image-799\" alt=\"\" srcset=\"https:\/\/www.lllf.uam.es\/wordpress\/wp-content\/uploads\/jornadas-salamanca.jpeg 659w, https:\/\/www.lllf.uam.es\/wordpress\/wp-content\/uploads\/jornadas-salamanca-300x211.jpeg 300w\" sizes=\"(max-width: 659px) 100vw, 659px\" \/>\t\t\t\t\t\t\t\t<\/a>\n\t\t\t\t\t\t\t\t\t\t\t\t\t\t\t<\/div>\n\t\t\t\t<\/div>\n\t\t\t\t<\/div>\n\t\t<div class=\"elementor-element elementor-element-80c0f8d e-con-full e-flex e-con e-child\" data-id=\"80c0f8d\" data-element_type=\"container\" data-settings=\"{&quot;background_background&quot;:&quot;classic&quot;}\">\n\t\t\t\t<div class=\"elementor-element elementor-element-90acb3e elementor-widget elementor-widget-text-editor\" data-id=\"90acb3e\" data-element_type=\"widget\" data-widget_type=\"text-editor.default\">\n\t\t\t\t<div class=\"elementor-widget-container\">\n\t\t\t\t\t\t\t\t\t<p><strong>JORNADAS: EL ACCESO A LA INFORMACI\u00d3N DEL TEXTO ESCRITO: HACIA UN OBJETIVO DE LECTURABILIDAD ACCESIBLE<\/strong><\/p><p><img decoding=\"async\" class=\"alignnone size-full wp-image-239\" src=\"https:\/\/www.lllf.uam.es\/wordpress\/wp-content\/uploads\/linea-21-1.svg\" alt=\"\" width=\"60\" height=\"9\" \/><\/p><p>FECHAS: 07\/11\/2024 Y 08\/11\/2024<\/p><p>LUGAR: Centro Internacional del Espa\u00f1ol de la Universidad de Salamanca<\/p>\t\t\t\t\t\t\t\t<\/div>\n\t\t\t\t<\/div>\n\t\t\t\t<\/div>\n\t\t\t\t\t<\/div>\n\t\t\t\t<\/div>\n\t\t<div class=\"elementor-element elementor-element-9cf4cc5 e-flex e-con-boxed e-con e-parent\" data-id=\"9cf4cc5\" data-element_type=\"container\" data-settings=\"{&quot;background_background&quot;:&quot;classic&quot;}\">\n\t\t\t\t\t<div class=\"e-con-inner\">\n\t\t<div class=\"elementor-element elementor-element-dfd7014 e-con-full e-flex e-con e-child\" data-id=\"dfd7014\" data-element_type=\"container\" data-settings=\"{&quot;background_background&quot;:&quot;classic&quot;}\">\n\t\t\t\t<div class=\"elementor-element elementor-element-15f5808 elementor-widget elementor-widget-image\" data-id=\"15f5808\" data-element_type=\"widget\" data-widget_type=\"image.default\">\n\t\t\t\t<div class=\"elementor-widget-container\">\n\t\t\t\t\t\t\t\t\t\t\t\t\t\t\t<img loading=\"lazy\" decoding=\"async\" width=\"405\" height=\"161\" src=\"https:\/\/www.lllf.uam.es\/wordpress\/wp-content\/uploads\/hd-uned.png\" class=\"attachment-2048x2048 size-2048x2048 wp-image-794\" alt=\"\" srcset=\"https:\/\/www.lllf.uam.es\/wordpress\/wp-content\/uploads\/hd-uned.png 405w, https:\/\/www.lllf.uam.es\/wordpress\/wp-content\/uploads\/hd-uned-300x119.png 300w\" sizes=\"(max-width: 405px) 100vw, 405px\" \/>\t\t\t\t\t\t\t\t\t\t\t\t\t\t\t<\/div>\n\t\t\t\t<\/div>\n\t\t\t\t<\/div>\n\t\t<div class=\"elementor-element elementor-element-9262e91 e-con-full e-flex e-con e-child\" data-id=\"9262e91\" data-element_type=\"container\" data-settings=\"{&quot;background_background&quot;:&quot;classic&quot;}\">\n\t\t\t\t<div class=\"elementor-element elementor-element-406acfe elementor-widget__width-initial elementor-widget elementor-widget-text-editor\" data-id=\"406acfe\" data-element_type=\"widget\" data-widget_type=\"text-editor.default\">\n\t\t\t\t<div class=\"elementor-widget-container\">\n\t\t\t\t\t\t\t\t\t<p class=\"curso-intensivo-1 grandenegrita\"><strong><span style=\"color: #ffffff;\"><u>HD EN LITERATURA: DESDE LOS OR\u00cdGENES A LA IA GENERATIVA\n<\/u><\/span><\/strong><\/p>\n<span style=\"color: #ffffff;\"><img decoding=\"async\" class=\"alignnone size-full wp-image-239\" src=\"https:\/\/www.lllf.uam.es\/wordpress\/wp-content\/uploads\/linea-21-1.svg\" alt=\"\" width=\"60\" height=\"9\" \/><\/span>\n<p class=\"subtitulo enlace\"><span style=\"color: #ffffff;\">FECHA: 04\/11\/2024<\/span>\n<span style=\"color: #ffffff;\">HORARIO: 9:30h-14h.<\/span><\/p>\nLUGAR: Sala A, Edificio de Humanidades, UNED\t\t\t\t\t\t\t\t<\/div>\n\t\t\t\t<\/div>\n\t\t\t\t<\/div>\n\t\t\t\t\t<\/div>\n\t\t\t\t<\/div>\n\t\t<div class=\"elementor-element elementor-element-4767129 e-flex e-con-boxed e-con e-parent\" data-id=\"4767129\" data-element_type=\"container\" data-settings=\"{&quot;background_background&quot;:&quot;classic&quot;}\">\n\t\t\t\t\t<div class=\"e-con-inner\">\n\t\t<div class=\"elementor-element elementor-element-2a98d04 e-con-full e-flex e-con e-child\" data-id=\"2a98d04\" data-element_type=\"container\" data-settings=\"{&quot;background_background&quot;:&quot;classic&quot;}\">\n\t\t\t\t<div class=\"elementor-element elementor-element-a3f663d elementor-widget elementor-widget-image\" data-id=\"a3f663d\" data-element_type=\"widget\" data-widget_type=\"image.default\">\n\t\t\t\t<div class=\"elementor-widget-container\">\n\t\t\t\t\t\t\t\t\t\t\t\t\t\t\t<img loading=\"lazy\" decoding=\"async\" width=\"294\" height=\"261\" src=\"https:\/\/www.lllf.uam.es\/wordpress\/wp-content\/uploads\/clara-fin-logo.png\" class=\"attachment-large size-large wp-image-216\" alt=\"\" \/>\t\t\t\t\t\t\t\t\t\t\t\t\t\t\t<\/div>\n\t\t\t\t<\/div>\n\t\t\t\t<\/div>\n\t\t<div class=\"elementor-element elementor-element-9eb1f8a e-con-full e-flex e-con e-child\" data-id=\"9eb1f8a\" data-element_type=\"container\" data-settings=\"{&quot;background_background&quot;:&quot;classic&quot;}\">\n\t\t\t\t<div class=\"elementor-element elementor-element-4cbbfe2 elementor-widget elementor-widget-text-editor\" data-id=\"4cbbfe2\" data-element_type=\"widget\" data-widget_type=\"text-editor.default\">\n\t\t\t\t<div class=\"elementor-widget-container\">\n\t\t\t\t\t\t\t\t\t<p class=\"curso-intensivo-1 grandenegrita\"><strong><span style=\"color: #ffffff;\"><u>WORKSHOP PROYECTO CLARA-FIN (UAM)<\/u><\/span><\/strong><\/p>\n<span style=\"color: #ffffff;\"><img decoding=\"async\" class=\"alignnone size-full wp-image-239\" src=\"https:\/\/www.lllf.uam.es\/wordpress\/wp-content\/uploads\/linea-21-1.svg\" alt=\"\" width=\"60\" height=\"9\" \/><\/span>\n<p class=\"subtitulo enlace\"><span style=\"color: #ffffff;\">FECHAS: 02\/07\/2024 AL 05\/07\/2024<\/span>\n<span style=\"color: #ffffff;\">HORARIO: 9:30h-14h.<\/span><\/p>\t\t\t\t\t\t\t\t<\/div>\n\t\t\t\t<\/div>\n\t\t\t\t<\/div>\n\t\t\t\t\t<\/div>\n\t\t\t\t<\/div>\n\t\t<div class=\"elementor-element elementor-element-19698c3 e-flex e-con-boxed e-con e-parent\" data-id=\"19698c3\" data-element_type=\"container\" data-settings=\"{&quot;background_background&quot;:&quot;classic&quot;}\">\n\t\t\t\t\t<div class=\"e-con-inner\">\n\t\t<div class=\"elementor-element elementor-element-778f448 e-con-full e-flex e-con e-child\" data-id=\"778f448\" data-element_type=\"container\" data-settings=\"{&quot;background_background&quot;:&quot;classic&quot;}\">\n\t\t\t\t<div class=\"elementor-element elementor-element-d618965 elementor-widget elementor-widget-image\" data-id=\"d618965\" data-element_type=\"widget\" data-widget_type=\"image.default\">\n\t\t\t\t<div class=\"elementor-widget-container\">\n\t\t\t\t\t\t\t\t\t\t\t\t\t\t\t<img loading=\"lazy\" decoding=\"async\" width=\"787\" height=\"595\" src=\"https:\/\/www.lllf.uam.es\/wordpress\/wp-content\/uploads\/jornadas-humanidades-digitales.png\" class=\"attachment-large size-large wp-image-234\" alt=\"\" srcset=\"https:\/\/www.lllf.uam.es\/wordpress\/wp-content\/uploads\/jornadas-humanidades-digitales.png 787w, https:\/\/www.lllf.uam.es\/wordpress\/wp-content\/uploads\/jornadas-humanidades-digitales-300x227.png 300w, https:\/\/www.lllf.uam.es\/wordpress\/wp-content\/uploads\/jornadas-humanidades-digitales-768x581.png 768w\" sizes=\"(max-width: 787px) 100vw, 787px\" \/>\t\t\t\t\t\t\t\t\t\t\t\t\t\t\t<\/div>\n\t\t\t\t<\/div>\n\t\t\t\t<\/div>\n\t\t<div class=\"elementor-element elementor-element-35ae0eb e-con-full e-flex e-con e-child\" data-id=\"35ae0eb\" data-element_type=\"container\" data-settings=\"{&quot;background_background&quot;:&quot;classic&quot;}\">\n\t\t\t\t<div class=\"elementor-element elementor-element-fa8e34f elementor-widget elementor-widget-text-editor\" data-id=\"fa8e34f\" data-element_type=\"widget\" data-widget_type=\"text-editor.default\">\n\t\t\t\t<div class=\"elementor-widget-container\">\n\t\t\t\t\t\t\t\t\t<p class=\"curso-intensivo-1 grandenegrita\"><strong><span style=\"color: #ffffff;\"><u>I JORNADAS EN HUMANIDADES DIGITALES (UAM)<\/u><\/span><\/strong><\/p><p><span style=\"color: #ffffff;\"><img decoding=\"async\" class=\"alignnone size-full wp-image-239\" src=\"https:\/\/www.lllf.uam.es\/wordpress\/wp-content\/uploads\/linea-21-1.svg\" alt=\"\" width=\"60\" height=\"9\" \/><\/span><\/p><p class=\"subtitulo enlace\"><span style=\"color: #ffffff;\">FECHAS: 09\/01\/2024 AL 10\/01\/2024<\/span><br \/><span style=\"color: #ffffff;\">HORARIO: 9:30h-14h.<\/span><\/p>\t\t\t\t\t\t\t\t<\/div>\n\t\t\t\t<\/div>\n\t\t\t\t<\/div>\n\t\t\t\t\t<\/div>\n\t\t\t\t<\/div>\n\t\t<div class=\"elementor-element elementor-element-00a6891 e-flex e-con-boxed e-con e-parent\" data-id=\"00a6891\" data-element_type=\"container\" data-settings=\"{&quot;background_background&quot;:&quot;classic&quot;}\">\n\t\t\t\t\t<div class=\"e-con-inner\">\n\t\t<div class=\"elementor-element elementor-element-63fc9b2 e-con-full e-flex e-con e-child\" data-id=\"63fc9b2\" data-element_type=\"container\" data-settings=\"{&quot;background_background&quot;:&quot;classic&quot;}\">\n\t\t\t\t<div class=\"elementor-element elementor-element-b86e15b elementor-widget elementor-widget-image\" data-id=\"b86e15b\" data-element_type=\"widget\" data-widget_type=\"image.default\">\n\t\t\t\t<div class=\"elementor-widget-container\">\n\t\t\t\t\t\t\t\t\t\t\t\t\t\t\t<img loading=\"lazy\" decoding=\"async\" width=\"768\" height=\"432\" src=\"https:\/\/www.lllf.uam.es\/wordpress\/wp-content\/uploads\/ia-unirioja.jpg\" class=\"attachment-large size-large wp-image-226\" alt=\"\" srcset=\"https:\/\/www.lllf.uam.es\/wordpress\/wp-content\/uploads\/ia-unirioja.jpg 768w, https:\/\/www.lllf.uam.es\/wordpress\/wp-content\/uploads\/ia-unirioja-300x169.jpg 300w\" sizes=\"(max-width: 768px) 100vw, 768px\" \/>\t\t\t\t\t\t\t\t\t\t\t\t\t\t\t<\/div>\n\t\t\t\t<\/div>\n\t\t\t\t<\/div>\n\t\t<div class=\"elementor-element elementor-element-6b22b56 e-con-full e-flex e-con e-child\" data-id=\"6b22b56\" data-element_type=\"container\" data-settings=\"{&quot;background_background&quot;:&quot;classic&quot;}\">\n\t\t\t\t<div class=\"elementor-element elementor-element-54faa50 elementor-widget elementor-widget-text-editor\" data-id=\"54faa50\" data-element_type=\"widget\" data-widget_type=\"text-editor.default\">\n\t\t\t\t<div class=\"elementor-widget-container\">\n\t\t\t\t\t\t\t\t\t<div class=\"rectangle-4 rectangle\">\u00a0<\/div><p class=\"curso-intensivo-2 grandenegrita\"><span style=\"color: #ffffff;\"><a class=\"estado\" style=\"color: #ffffff;\" href=\"https:\/\/www.unirioja.es\/actividades\/docencia-e-investigacion-linguistica-en-la-era-de-la-inteligencia-artificial\/\" target=\"_blank\" rel=\"noopener\"><u>DOCENCIA E INVESTIGACI\u00d3N LING\u00dc\u00cdSTICA EN LA ERA DE LA INTELIGENCIA ARTIFICIAL (UNIRIOJA)<\/u><\/a><\/span><\/p><p><span style=\"color: #ffffff;\"><img decoding=\"async\" class=\"alignnone size-full wp-image-239\" src=\"https:\/\/www.lllf.uam.es\/wordpress\/wp-content\/uploads\/linea-21-1.svg\" alt=\"\" width=\"60\" height=\"9\" \/><\/span><\/p><p class=\"fecha-inicio-3105 enlace\"><span style=\"color: #ffffff;\">Evoluci\u00f3n de la Traducci\u00f3n Autom\u00e1tica: desde los diccionarios a los transformers en 40 a\u00f1os<\/span><br \/><span style=\"color: #ffffff;\">FECHAS: 12\/12\/2023 AL 13\/12\/2023<\/span><br \/><span style=\"color: #ffffff;\">HORARIO: 9h.<\/span><\/p>\t\t\t\t\t\t\t\t<\/div>\n\t\t\t\t<\/div>\n\t\t\t\t<\/div>\n\t\t\t\t\t<\/div>\n\t\t\t\t<\/div>\n\t\t<div class=\"elementor-element elementor-element-77bbc27 e-flex e-con-boxed e-con e-parent\" data-id=\"77bbc27\" data-element_type=\"container\" data-settings=\"{&quot;background_background&quot;:&quot;classic&quot;}\">\n\t\t\t\t\t<div class=\"e-con-inner\">\n\t\t<div class=\"elementor-element elementor-element-0d5ef5f e-con-full e-flex e-con e-child\" data-id=\"0d5ef5f\" data-element_type=\"container\" data-settings=\"{&quot;background_background&quot;:&quot;classic&quot;}\">\n\t\t\t\t<div class=\"elementor-element elementor-element-4715ca7 elementor-widget elementor-widget-image\" data-id=\"4715ca7\" data-element_type=\"widget\" data-widget_type=\"image.default\">\n\t\t\t\t<div class=\"elementor-widget-container\">\n\t\t\t\t\t\t\t\t\t\t\t\t\t\t\t<img loading=\"lazy\" decoding=\"async\" width=\"1024\" height=\"315\" src=\"https:\/\/www.lllf.uam.es\/wordpress\/wp-content\/uploads\/clariah_day-1024x315.jpg\" class=\"attachment-large size-large wp-image-217\" alt=\"\" srcset=\"https:\/\/www.lllf.uam.es\/wordpress\/wp-content\/uploads\/clariah_day-1024x315.jpg 1024w, https:\/\/www.lllf.uam.es\/wordpress\/wp-content\/uploads\/clariah_day-300x92.jpg 300w, https:\/\/www.lllf.uam.es\/wordpress\/wp-content\/uploads\/clariah_day-768x236.jpg 768w, https:\/\/www.lllf.uam.es\/wordpress\/wp-content\/uploads\/clariah_day.jpg 1366w\" sizes=\"(max-width: 1024px) 100vw, 1024px\" \/>\t\t\t\t\t\t\t\t\t\t\t\t\t\t\t<\/div>\n\t\t\t\t<\/div>\n\t\t\t\t<\/div>\n\t\t<div class=\"elementor-element elementor-element-c5af2d1 e-con-full e-flex e-con e-child\" data-id=\"c5af2d1\" data-element_type=\"container\" data-settings=\"{&quot;background_background&quot;:&quot;classic&quot;}\">\n\t\t\t\t<div class=\"elementor-element elementor-element-c3edf68 elementor-widget elementor-widget-text-editor\" data-id=\"c3edf68\" data-element_type=\"widget\" data-widget_type=\"text-editor.default\">\n\t\t\t\t<div class=\"elementor-widget-container\">\n\t\t\t\t\t\t\t\t\t<div class=\"rectangle-4 rectangle\"><p class=\"charla-no-hay-que grandenegrita\"><span style=\"color: #ffffff;\"><u><b>DARIAH DAY: JORNADA SOBRE HUMANIDADES DIGITALES EN CLARIAH.ES<\/b><\/u><\/span><\/p><p><span style=\"color: #ffffff;\"><img decoding=\"async\" class=\"alignnone size-full wp-image-239\" src=\"https:\/\/www.lllf.uam.es\/wordpress\/wp-content\/uploads\/linea-21-1.svg\" alt=\"\" width=\"60\" height=\"9\" \/><\/span><\/p><p class=\"address-1 address-2 enlace\"><span style=\"color: #ffffff;\">Evoluci\u00f3n de la Traducci\u00f3n Autom\u00e1tica: desde los diccionarios a los transformers en 40 a\u00f1os<\/span><br \/><span style=\"color: #ffffff;\">FECHA: 7\/11\/2023 DE 16 A 19:30<\/span><\/p><\/div>\t\t\t\t\t\t\t\t<\/div>\n\t\t\t\t<\/div>\n\t\t\t\t<\/div>\n\t\t\t\t\t<\/div>\n\t\t\t\t<\/div>\n\t\t<div class=\"elementor-element elementor-element-5e13644 e-flex e-con-boxed e-con e-parent\" data-id=\"5e13644\" data-element_type=\"container\" data-settings=\"{&quot;background_background&quot;:&quot;classic&quot;}\">\n\t\t\t\t\t<div class=\"e-con-inner\">\n\t\t<div class=\"elementor-element elementor-element-be04ea8 e-con-full e-flex e-con e-child\" data-id=\"be04ea8\" data-element_type=\"container\" data-settings=\"{&quot;background_background&quot;:&quot;classic&quot;}\">\n\t\t\t\t<div class=\"elementor-element elementor-element-0bf7dfd elementor-widget elementor-widget-image\" data-id=\"0bf7dfd\" data-element_type=\"widget\" data-widget_type=\"image.default\">\n\t\t\t\t<div class=\"elementor-widget-container\">\n\t\t\t\t\t\t\t\t\t\t\t\t\t\t\t<img loading=\"lazy\" decoding=\"async\" width=\"397\" height=\"276\" src=\"https:\/\/www.lllf.uam.es\/wordpress\/wp-content\/uploads\/curso-quijote.jpg\" class=\"attachment-large size-large wp-image-218\" alt=\"\" srcset=\"https:\/\/www.lllf.uam.es\/wordpress\/wp-content\/uploads\/curso-quijote.jpg 397w, https:\/\/www.lllf.uam.es\/wordpress\/wp-content\/uploads\/curso-quijote-300x209.jpg 300w\" sizes=\"(max-width: 397px) 100vw, 397px\" \/>\t\t\t\t\t\t\t\t\t\t\t\t\t\t\t<\/div>\n\t\t\t\t<\/div>\n\t\t\t\t<\/div>\n\t\t<div class=\"elementor-element elementor-element-82e2366 e-con-full e-flex e-con e-child\" data-id=\"82e2366\" data-element_type=\"container\" data-settings=\"{&quot;background_background&quot;:&quot;classic&quot;}\">\n\t\t\t\t<div class=\"elementor-element elementor-element-6cfcd7c elementor-widget elementor-widget-text-editor\" data-id=\"6cfcd7c\" data-element_type=\"widget\" data-widget_type=\"text-editor.default\">\n\t\t\t\t<div class=\"elementor-widget-container\">\n\t\t\t\t\t\t\t\t\t<div class=\"rectangle-4 rectangle\"><p class=\"annotating-discourse grandenegrita\"><span style=\"color: #ffffff;\"><strong><u>TALLER: FILOLOG\u00cdA DIGITAL SOBRE EL QUIJOTE: ELABORACI\u00d3N DEL DICCIONARIO DE LEMAS Y PERSONAJES &#8211; C\u00c1TEDRAS UAM-IIC<\/u><\/strong><\/span><\/p><p><span style=\"color: #ffffff;\"><img decoding=\"async\" class=\"alignnone size-full wp-image-239\" src=\"https:\/\/www.lllf.uam.es\/wordpress\/wp-content\/uploads\/linea-21-1.svg\" alt=\"\" width=\"60\" height=\"9\" \/><\/span><\/p><p class=\"address-3 address-2 enlace\"><span style=\"color: #ffffff;\">FECHAS: 01\/08\/2023 AL 03\/08\/2023<\/span><br \/><span style=\"color: #ffffff;\">HORARIO: MA\u00d1ANAS DE 9h A 14h.<\/span><\/p><\/div>\t\t\t\t\t\t\t\t<\/div>\n\t\t\t\t<\/div>\n\t\t\t\t<\/div>\n\t\t\t\t\t<\/div>\n\t\t\t\t<\/div>\n\t\t\t\t<\/div>\n\t\t","protected":false},"excerpt":{"rendered":"<p>ACTUALIDAD https:\/\/www.youtube.com\/watch?v=-uJ08uz76DI XIII REUNI\u00d3N DE ESTUDIOS ASI\u00c1TICOS 2025 El viernes 19 de septiembre a las 12:00h, el catedr\u00e1tico de Ling\u00fc\u00edstica e investigador principal del LLI, Antonio Moreno-Sandoval, participar\u00e1 en la XIII Reuni\u00f3n de Estudios Asi\u00e1ticos 2025: \u201cInteligencia artificial y el desarrollo de los estudios asi\u00e1ticos\u201d, coordinada por Casa Asia, como parte de la mesa redonda: &#8230; <a title=\"Actualidad\" class=\"read-more\" href=\"https:\/\/www.lllf.uam.es\/wordpress\/actualidad\/\" aria-label=\"Read more about Actualidad\">Read more<\/a><\/p>\n","protected":false},"author":2,"featured_media":0,"parent":0,"menu_order":0,"comment_status":"closed","ping_status":"closed","template":"elementor_header_footer","meta":{"footnotes":""},"class_list":["post-29","page","type-page","status-publish"],"_links":{"self":[{"href":"https:\/\/www.lllf.uam.es\/wordpress\/wp-json\/wp\/v2\/pages\/29","targetHints":{"allow":["GET"]}}],"collection":[{"href":"https:\/\/www.lllf.uam.es\/wordpress\/wp-json\/wp\/v2\/pages"}],"about":[{"href":"https:\/\/www.lllf.uam.es\/wordpress\/wp-json\/wp\/v2\/types\/page"}],"author":[{"embeddable":true,"href":"https:\/\/www.lllf.uam.es\/wordpress\/wp-json\/wp\/v2\/users\/2"}],"replies":[{"embeddable":true,"href":"https:\/\/www.lllf.uam.es\/wordpress\/wp-json\/wp\/v2\/comments?post=29"}],"version-history":[{"count":25,"href":"https:\/\/www.lllf.uam.es\/wordpress\/wp-json\/wp\/v2\/pages\/29\/revisions"}],"predecessor-version":[{"id":1276,"href":"https:\/\/www.lllf.uam.es\/wordpress\/wp-json\/wp\/v2\/pages\/29\/revisions\/1276"}],"wp:attachment":[{"href":"https:\/\/www.lllf.uam.es\/wordpress\/wp-json\/wp\/v2\/media?parent=29"}],"curies":[{"name":"wp","href":"https:\/\/api.w.org\/{rel}","templated":true}]}}